{"id":18339,"date":"2024-03-18T15:48:28","date_gmt":"2024-03-18T13:48:28","guid":{"rendered":"https:\/\/primariajibou.ro\/site\/?page_id=18339"},"modified":"2024-03-18T15:48:33","modified_gmt":"2024-03-18T13:48:33","slug":"hotararea-nr-25-3","status":"publish","type":"page","link":"https:\/\/primariajibou.ro\/site\/hotararea-nr-25-3\/","title":{"rendered":"<strong>HOT\u0102R\u00c2REA NR.25<\/strong>"},"content":{"rendered":"\n<p>Din 09.02.2024<\/p>\n\n\n\n<p>ROM\u00c2NIA<\/p>\n\n\n\n<p>JUDE\u021aUL S\u0102LAJ<\/p>\n\n\n\n<p>ORA\u0218UL JIBOU<\/p>\n\n\n\n<p>CONSILIUL&nbsp; LOCAL&nbsp;&nbsp;&nbsp;&nbsp;&nbsp; <a>&nbsp;&nbsp;&nbsp;&nbsp;&nbsp;&nbsp;&nbsp;&nbsp;&nbsp;&nbsp;<\/a><\/p>\n\n\n\n<p><strong>HOT\u0102R\u00c2REA NR.25<\/strong><\/p>\n\n\n\n<p>Din 09.02.2024<\/p>\n\n\n\n<p>privind aprobarea documenta\u021biei tehnico-economice faza PTH&nbsp; \u0219i a actualiz\u0103rii indicatorilor tehnico economici pentru obiectivul de investi\u021bii: \u201eReabilitare si reorganizare functionala sediul Primariei si reamenajare piata Unirii\u201d, in urma realizarii proiectului tehnic<\/p>\n\n\n\n<p>Consiliul local al ora\u0219ului Jibou,<\/p>\n\n\n\n<p>Av\u00e2nd \u00een vedere:<\/p>\n\n\n\n<p>&#8211;<a>Referatul de aprobare al primarului ora\u0219ului Jibou nr. <\/a>1460 \/ 07.02.2024;<\/p>\n\n\n\n<p>-Raportul de specialitate nr.1461 \/ 07.02.2024 al Compartimentului, management de proiecte \u0219i achizi\u021bii publice privind aprobarea documentatiei tehnico-economice faza PTH&nbsp; si a actualizarii indicatorilor tehnico economici pentru obiectivul de investi\u021bii: \u201eReabilitare si reorganizare functionala sediul Primariei si reamenajare piata Unirii\u201d, in urma realizarii proiectului tehnic<\/p>\n\n\n\n<p>-Avizele favorabile ale comisiilor de specialitate din cadrul Consiliului local;<\/p>\n\n\n\n<p>-HCL 132\/10.08.2023 privind actualizarea indicatorilor tehnico-economici faza DALI<\/p>\n\n\n\n<p>-Finalizarea documenta\u021biei tehnico-economice faza PTH pentru obiectivul de investi\u021bii \u201eReabilitare si reorganizare functionala sediul Primariei si reamenajare piata Uniri\u201d<\/p>\n\n\n\n<p>-POR NORD-VEST 2021-2027 \u2013 ghidul solicitantului-versiunea 3 publicata la data de 29 ianuarie 2024-Sprijinirea eficientei energetice in cladirile publice, inclusiv cladiri de patrimoniu<\/p>\n\n\n\n<p>Potrivit prevederilor:<\/p>\n\n\n\n<p>-Art. 44-46 din Legea nr. 273\/2006 privind finan\u021bele publice locale cu modific\u0103rile \u0219i complet\u0103rile&nbsp; ulterioare;<\/p>\n\n\n\n<p>-H.G nr.907\/2016 privind etapele de elaborare \u0219i con\u021binutul cadru al documenta\u021biilor tehnico \u2013 economice aferente obiectivelor\/proiectelor de investi\u021bii finan\u021bate din fonduri publice;<\/p>\n\n\n\n<p>-Legea nr.24\/2000 privind normele de tehnic\u0103 legislativ\u0103 pentru elaborarea actelor normative, cu modific\u0103rile \u0219i complet\u0103rile ulterioare;<\/p>\n\n\n\n<p>V\u0103z\u00e2nd prevederile art. 129 (2) lit.b coroborat cu art.129 (4) lit.d, art.139 (1,3) din OUG nr. 57\/2019&nbsp; privind Codul Administrativ, cu modific\u0103rile \u0219i complet\u0103rile ulterioare ;<\/p>\n\n\n\n<p>\u00cen temeiul&nbsp; prevederilor art.196 (1) lit.a din OUG nr. 57\/2019 privind Codul Administrativ cu modific\u0103rile \u0219i complet\u0103rile ulterioare;<\/p>\n\n\n\n<p><strong>HOT\u0102R\u0102\u0218TE:<\/strong><\/p>\n\n\n\n<p>&nbsp;<strong>ART.1<\/strong> Aprobarea documenta\u021biei tehnico-economice faza PTH&nbsp; \u0219i actualizarea indicatorilor tehnico economici, inclusiv anexa privind descrierea sumar\u0103 a investi\u021biei propus\u0103 a fi realizat\u0103 prin proiect pentru obiectivul de investi\u021bii: \u201eReabilitare \u0219i reorganizare func\u021bional\u0103 sediul Prim\u0103riei \u0219i reamenajare pia\u021ba Unirii\u201d, \u00een urma realizarii proiectului tehnic, conform anexei parte integrant\u0103 din prezenta.<\/p>\n\n\n\n<p><strong>ART.2<\/strong> Cu ducerea la \u00eendeplinire a prezentei se \u00eencredin\u021beaz\u0103 primarul ora\u0219ului Jibou&nbsp; \u0219i Compartimentul management de&nbsp; proiecte \u0219i achizi\u021bii publice.<\/p>\n\n\n\n<p><strong>ART.3<\/strong> Prezenta se comunic\u0103&nbsp; cu :<\/p>\n\n\n\n<p>&nbsp;&nbsp;&nbsp;&nbsp;&nbsp;&nbsp;&nbsp;&nbsp;&nbsp;&nbsp;&nbsp; -Institu\u021bia Prefectului -jude\u021bul S\u0103laj<\/p>\n\n\n\n<p>&nbsp;&nbsp;&nbsp;&nbsp;&nbsp;&nbsp;&nbsp;&nbsp;&nbsp;&nbsp;&nbsp; -Primarul ora\u0219ului Jibou<\/p>\n\n\n\n<p>&nbsp;&nbsp;&nbsp;&nbsp;&nbsp;&nbsp;&nbsp;&nbsp;&nbsp;&nbsp;&nbsp; -Compartimentul management de&nbsp; proiecte \u0219i achizi\u021bii publice<\/p>\n\n\n\n<p>&nbsp;&nbsp;&nbsp;&nbsp;&nbsp;&nbsp;&nbsp;&nbsp;&nbsp;&nbsp;&nbsp; -Serviciul buget, finan\u021be, contabilitate, impozite \u0219i taxe locale<\/p>\n\n\n\n<p>&nbsp;&nbsp;&nbsp;&nbsp;&nbsp;&nbsp;&nbsp;&nbsp;&nbsp;&nbsp;&nbsp; -Publicitate \/dosar de \u0219edin\u021b\u0103&nbsp;<\/p>\n\n\n\n<p><strong>PRE\u015eEDINTE DE \u015eEDIN\u0162\u0102,&nbsp;&nbsp;&nbsp;&nbsp;&nbsp;&nbsp;&nbsp;&nbsp;&nbsp;&nbsp;&nbsp;&nbsp;&nbsp;&nbsp;&nbsp;&nbsp;&nbsp;&nbsp;&nbsp;&nbsp;&nbsp;&nbsp;&nbsp;&nbsp;&nbsp;&nbsp;&nbsp;&nbsp;&nbsp;&nbsp;&nbsp; CONTRASEMNEAZ\u0102&nbsp;&nbsp;&nbsp;&nbsp;&nbsp;&nbsp;&nbsp;&nbsp;&nbsp;&nbsp;&nbsp;&nbsp;&nbsp;&nbsp;&nbsp;&nbsp;&nbsp;&nbsp;&nbsp;&nbsp;&nbsp;&nbsp;&nbsp;&nbsp;&nbsp;&nbsp;&nbsp;&nbsp;&nbsp;&nbsp;&nbsp;&nbsp;&nbsp;&nbsp;&nbsp;&nbsp;&nbsp;&nbsp;&nbsp;&nbsp;&nbsp;&nbsp;&nbsp;&nbsp;&nbsp;&nbsp;&nbsp;&nbsp;&nbsp;&nbsp;&nbsp;&nbsp;&nbsp;&nbsp;&nbsp;&nbsp;&nbsp;&nbsp;&nbsp;&nbsp;&nbsp;&nbsp;&nbsp;&nbsp;&nbsp;&nbsp;&nbsp;&nbsp;&nbsp;&nbsp;&nbsp;&nbsp;&nbsp;<\/strong><\/p>\n\n\n\n<p><strong>&nbsp;&nbsp;&nbsp;&nbsp;&nbsp;&nbsp;&nbsp;&nbsp;&nbsp;&nbsp; PA\u0218CAL\u0102U VLAD ANDREI&nbsp;&nbsp;&nbsp;&nbsp; &nbsp;&nbsp;&nbsp;&nbsp;&nbsp;&nbsp;&nbsp;&nbsp;&nbsp;&nbsp;&nbsp;&nbsp;&nbsp;&nbsp;&nbsp; &nbsp;&nbsp;&nbsp;&nbsp;&nbsp;&nbsp;&nbsp;&nbsp;&nbsp;&nbsp;&nbsp;SECRETAR GENERAL<\/strong><\/p>\n\n\n\n<p><strong>&nbsp;&nbsp;&nbsp;&nbsp;&nbsp;&nbsp;&nbsp;&nbsp;&nbsp;&nbsp;&nbsp;&nbsp;&nbsp;&nbsp;&nbsp;&nbsp;&nbsp;&nbsp;&nbsp;&nbsp;&nbsp;&nbsp;&nbsp;&nbsp;&nbsp;&nbsp;&nbsp;&nbsp;&nbsp;&nbsp;&nbsp;&nbsp;&nbsp;&nbsp;&nbsp;&nbsp;&nbsp;&nbsp;&nbsp;&nbsp;&nbsp;&nbsp;&nbsp;&nbsp;&nbsp;&nbsp;&nbsp;&nbsp;&nbsp;&nbsp;&nbsp;&nbsp;&nbsp;&nbsp;&nbsp;&nbsp;&nbsp;&nbsp;&nbsp;&nbsp;&nbsp;&nbsp;&nbsp;&nbsp;&nbsp;&nbsp;&nbsp;&nbsp;&nbsp;&nbsp;&nbsp;&nbsp;&nbsp;&nbsp;&nbsp;&nbsp;&nbsp;&nbsp;&nbsp;&nbsp;&nbsp;&nbsp;&nbsp;&nbsp;&nbsp;&nbsp;&nbsp;&nbsp;&nbsp;&nbsp;&nbsp; &nbsp;&nbsp;&nbsp;&nbsp;&nbsp;&nbsp;&nbsp;&nbsp;TEGLA\u0218 RODICA<\/strong><\/p>\n\n\n\n<p>Anex\u0103 la HCL nr.25\/09.02.2024<\/p>\n\n\n\n<p>Descrierea investitiei:<\/p>\n\n\n\n<p>DESCRIEREA SITUATIEI EXISTENTE<\/p>\n\n\n\n<p>Sectorul construc\u021biilor este la nivel mondial un consumator important de energie \u0219i un generator major de gaze cu efect de ser\u0103. \u00cen UE, aproximativ 40% din energie este consumat\u0103 \u00een acest sector. Din acest motiv, \u00eembun\u0103t\u0103\u0163irea eficien\u0163ei energetice a cl\u0103dirilor este un obiectiv important la nivelul politicilor UE. O propor\u0163ie \u00eensemnat\u0103 de energie consumat\u0103 \u00een cl\u0103dirile administrative \u0219i social culturale este pentru \u00eenc\u0103lzire. Acest lucru este observat \u00een special \u00een multe \u0163\u0103ri UE, inclusiv \u00een Rom\u00e2nia, datorit\u0103 unui stoc de imobile edificate f\u0103r\u0103 protec\u021bie termic\u0103 \u00een perioada anilor 1960.<\/p>\n\n\n\n<p>Infrastructura sistemului national de cl\u0103diri publice e compusa \u00een cea mai mare parte din cladiri vechi, (o buna parte din cl\u0103diri au fost construite \u00eenainte de anul 1970). Aceste cl\u0103diri au propriet\u0103\u0163i termice scazute.<\/p>\n\n\n\n<p>Poten\u0163ialul de reducere a consumului de energie \u00een cl\u0103dirile publice ar putea fi tradus \u00een economii semnificative de combustibil conven\u021bional. \u00cen cl\u0103dirile din Rom\u00e2nia consumul specific de c\u0103ldur\u0103 \u015fi ap\u0103 cald\u0103 menajer\u0103 este dublu fa\u0163\u0103 de cele din Europa de Vest, \u015fi, prin urmare, exist\u0103 o rat\u0103 ridicat\u0103 de emisii a poluarii.<\/p>\n\n\n\n<p>Cl\u0103direa Prim\u0103riei a fost construit\u0103 \u00eentre 1906 \u0219i 1907, \u00een acela\u0219i timp cu cea a judecatoriei. La \u00eenceput a fost sediul b\u0103ncii de economii, iar dup\u0103 r\u0103zboi a devenit \u0219coal\u0103. \u00cen aceast\u0103 perioad\u0103 prim\u0103ria func\u021biona \u00een cl\u0103direa poli\u021biei, mut\u00e2ndu-se abia \u00een 1974 \u00een actualul sediu. \u00cen momentul de fa\u021b\u0103 cl\u0103direa are destina\u021bia de &#8222;Sediu al Prim\u0103riei Jibou, Consiliul Local \u0219i Trezoreria Ora\u0219ului Jibou&#8221;.<\/p>\n\n\n\n<p>Cl\u0103direa se afl\u0103 \u00eentr-un stadiu avansat de degradare, nu \u00eendepline\u0219te condi\u021biile de performan\u021b\u0103 energetic\u0103 recomandate.<\/p>\n\n\n\n<p>Fa\u021bada principal\u0103 a fost renovata \u00een anul 2009, \u00eens\u0103 elemente arhitecturale ornamentale, fa\u021bada posterioar\u0103 \u0219i fa\u021badele laterale se afl\u0103 \u00eentr-un stadiu avansat de degradare, instalatiile sanitare nu corespund cerintelor actuale, prezint\u0103 discontinuitate a lucr\u0103rilor de renevoare efectuate \u00een spa\u021biile interioare, elementele structurale sunt \u00eentr-un stadiu bun din punct de vedere al stabilit\u0103\u021bii construc\u021biilor, cl\u0103direa prezint\u0103 \u00eens\u0103 avarii serioase la nivel de finisaje, t\u00e2mpl\u0103rii \u0219i \u0219arpant\u0103.<\/p>\n\n\n\n<p>Au fost p\u0103strate registrele profilate ale corni\u0219ei, elementele arhitecturale ornamentale, precum br\u00e2uri, bol\u021bi, frontoane \u0219i alte ornamnete aplicate, dar din cauza renov\u0103rii incorect realizate, au aparut scorojiri \u0219i desprinderi ale finisajelor aplicate pe aceste elemente. \u00cenc\u0103perile de la parter c\u00e2t \u0219i cele de la etaj se afl\u0103 \u00een stadii diferite de renovare sau degradare .<\/p>\n\n\n\n<p>OBIECTIVE PRECONIZATE A FI ATINSE PRIN REALIZAREA INVESTI\u0162IEI PUBLICE<\/p>\n\n\n\n<p>Prin implementarea&nbsp;&nbsp; proiectului&nbsp; se&nbsp; urm\u0103re\u0219te&nbsp; atingerea&nbsp; urmatoarelor obiective:<\/p>\n\n\n\n<ul class=\"wp-block-list\">\n<li>\u00eembun\u0103t\u0103\u021birea izola\u021biei termice a anvelopei cl\u0103dirii<\/li>\n\n\n\n<li>reabilitarea \u0219i reorganizarea func\u021bional\u0103 cl\u0103diriilor pentru sporire confortului interior<\/li>\n\n\n\n<li>p\u0103strarea aspectului istoric al centrului ora\u0219ului \u0219i punerea \u00een valoare a arhitecturii ce ofer\u0103 identitate local\u0103<\/li>\n\n\n\n<li>reducerea consumului de energie final\u0103 \u00een cl\u0103dire;<\/li>\n\n\n\n<li>sc\u0103derea gazelor cu efect de ser\u0103, cu efect pozitiv asupra schimb\u0103rilor climatice;<\/li>\n\n\n\n<li>consumul anual de energie primar\u0103;<\/li>\n\n\n\n<li>consumul anual specific de energie pentru \u00eenc\u0103lzire;<\/li>\n\n\n\n<li>consumul anual specific de energie;<\/li>\n\n\n\n<li>gestionarea inteligent\u0103 a energiei \u0219i utiliz\u0103rea energiei din surse regenerabile \u00een cl\u0103diri;<\/li>\n\n\n\n<li>cre\u0219terea independen\u0163ei energetic\u0103 a Rom\u00e2niei;<\/li>\n<\/ul>\n\n\n\n<p>Prin cre\u015fterea performan\u0163ei energetice a cl\u0103dirilor publice, pe termen scurt \u015fi mediu, se degreveaz\u0103 bugetul statului de cheltuielile cu combustibilul conven\u0163ional utilizat, se reduc cheltuielile cu \u00eentre\u0163inerea cl\u0103dirilor, se asigur\u0103 sus\u0163inerea agen\u0163ilor economici din domeniul construc\u0163iilor \u015fi se creeaz\u0103 noi locuri de munc\u0103.<\/p>\n\n\n\n<p>SOLU\u0162IA TEHNIC\u0102, DIN PUNCT DE VEDERE TEHNOLOGIC, CONSTRUCTIV, TEHNIC,&nbsp; FUNC\u0162IONAL-ARHITECTURAL \u015eI ECONOMIC<\/p>\n\n\n\n<p>REABILITAREA ACOPERI\u0218ULUI<\/p>\n\n\n\n<p>Refacere finisaje interioare \u0219i exterioare \u0219i repararea elementelor de construc\u021bie ale fa\u021badei care prezint\u0103 poten\u021bial pericol de desprindere \u0219i\/ sau afecteaz\u0103 func\u021bionalitatea cl\u0103dirii<\/p>\n\n\n\n<p>Izolarea termic\u0103 a fa\u021badelor \u2013 parte opac\u0103<\/p>\n\n\n\n<p>Izolarea termic\u0103 a fa\u021badelor \u2013 parte vitrat\u0103: Inlocuirea integrala a tamplariei exterioare existente cat si parte vitrat\u0103, inclusiv a celei aferente accesului \u00een cl\u0103dire.<\/p>\n\n\n\n<p>Termoizolarea plan\u015feului peste ultimul nivel \u00een cazul existentei \u015farpantei<\/p>\n\n\n\n<p>Termoizolarea plan\u015feului pe sol\/ termoizolarea plan\u0219eului peste subsol= Izolarea termic\u0103 a pl\u0103cii pe sol,<\/p>\n\n\n\n<p>\u00cenlocuirea centralei termice proprii<\/p>\n\n\n\n<p>Inlocuirea corpurilor de incalzire existente cu radiatoare<\/p>\n\n\n\n<p>\u00cenlocuirea instala\u0163iei de distribu\u0163ie a agentului termic pentru \u00eenc\u0103lzire:<\/p>\n\n\n\n<p>Reabilitarea si modernizarea circuitelor electrice pentru iluminat<\/p>\n\n\n\n<p>\u00cenlocuirea corpurilor de iluminat fluorescent \u0219i incandescent cu corpuri de iluminat cu eficien\u021b\u0103 energetic\u0103 ridicat\u0103 \u0219i durat\u0103 mare de via\u021b\u0103<\/p>\n\n\n\n<p>Instalarea de corpuri de iluminat cu senzori de mi\u0219care\/prezen\u021b\u0103, acolo unde acestea se impun pentru economia de energie<\/p>\n\n\n\n<p>Instalarea unui sistem de producere a energiei electrice prin intermediul panourilor fotovoltaice<\/p>\n\n\n\n<p>Refacerea finisajelor interioare \u00een zonele de interven\u021bie<\/p>\n\n\n\n<p>Pe amplasament nu exist\u0103 monument istoric \/de arhitectur\u0103, sau situri arheologice. Terenul este inclus in zona de constructii protejate precum si constructia in sine este o constructie protejata astfel se vor lua toate masurile necesare date de institutiile publice competente (DJCNP Salaj)<\/p>\n\n\n\n<p>Deoarece, prin realizarea lucr\u0103rilor de interven\u021bie propuse se realizeaz\u0103 extinderi ale cl\u0103dirii \u00eens\u0103 acesta faciliteaz\u0103 doar zonele cu rela\u021bia cu publicu,l nu se produce o&nbsp; cre\u0219terea num\u0103rului de persoane pe care cl\u0103direa le deserve\u0219te &#8211; nu sunt necesare alte tipuri de utilit\u0103\u021bi fa\u021b\u0103 de cele existente.<\/p>\n\n\n\n<p>\u00cen urma realiz\u0103rii lucr\u0103rilor de interven\u021bie propuse, nu se vor dep\u0103\u0219i consumurile ini\u021biale de utilit\u0103\u021bi. \u00cen plus, este de remarcat faptul c\u0103 prin aplicarea tuturor solu\u0163iilor propuse&nbsp; se ob\u0163ine o reducere substa\u021bial\u0103 a consumului de energie.<\/p>\n\n\n\n<p>La realizarea obiectivului s-a propus utilizarea de materiale \u0219i echipamente cu agrement de mediu \u0219i consum redus de energie.<\/p>\n\n\n\n<p>Implementarea masurile de interven\u021bie propuse va conduce la reducerea impactului asupra mediului, respectiv reducerea amprentei de carbon a mediului construit prin sc\u0103derea emisiilor de gaze cu efect de ser\u0103.<\/p>\n\n\n\n<p>Beneficiile directe ca urmare a aplicarii solutiilor tehnice din documentatia tehnico-economica este eficientizarea consumului de resurse \u015fi de energie.<\/p>\n\n\n\n<p>Ca urmare a aplicarii solutiilor tehnice din documentatia tehnico-economica vor fi satisfacute urmatoarele obiective privind utilizarea sustenabil\u0103 a resurselor naturale la nivelul amenaj\u0103rii:<\/p>\n\n\n\n<ul class=\"wp-block-list\">\n<li>protec\u021bia resurselor;<\/li>\n\n\n\n<li>conservarea mediului natural;<\/li>\n\n\n\n<li>s\u0103n\u0103tatea, confortul \u0219i bun\u0103starea utilizatorilor;<\/li>\n\n\n\n<li>protec\u021bia mediului.<\/li>\n<\/ul>\n\n\n\n<p>Durata de realizare a obiectivului (executia lucrarilor): 11.5 luni<\/p>\n\n\n\n<p>Indicatori financiari conform devizului general:<\/p>\n\n\n\n<figure class=\"wp-block-table\"><table><tbody><tr><td>&nbsp;<\/td><td>Valoare fara TVA<\/td><td>TVA<\/td><td>Valoare cu TVA<\/td><\/tr><tr><td><strong>TOTAL GENERAL<\/strong><em><\/em><\/td><td><strong>15.918.976,61<\/strong><\/td><td><strong>2.981.933,05<\/strong><\/td><td><strong>18.900.909,66<\/strong><\/td><\/tr><tr><td><strong>din care: C+M (1.2+1.3+1.4+2+4.1+4.2+5.1.1)<\/strong><\/td><td><strong>9.420.829,41<\/strong><\/td><td><strong>1.789.957,59<\/strong><\/td><td><strong>11.210.787,00<\/strong><\/td><\/tr><\/tbody><\/table><\/figure>\n","protected":false},"excerpt":{"rendered":"<p>Din 09.02.2024 ROM\u00c2NIA JUDE\u021aUL S\u0102LAJ ORA\u0218UL JIBOU CONSILIUL&nbsp; LOCAL&nbsp;&nbsp;&nbsp;&nbsp;&nbsp; &nbsp;&nbsp;&nbsp;&nbsp;&nbsp;&nbsp;&nbsp;&nbsp;&nbsp;&nbsp; HOT\u0102R\u00c2REA NR.25 Din 09.02.2024 privind aprobarea documenta\u021biei tehnico-economice faza PTH&nbsp; \u0219i a actualiz\u0103rii indicatorilor tehnico&#8230;<\/p>\n","protected":false},"author":4,"featured_media":0,"parent":0,"menu_order":0,"comment_status":"closed","ping_status":"closed","template":"","meta":{"footnotes":""},"class_list":["post-18339","page","type-page","status-publish","hentry"],"_links":{"self":[{"href":"https:\/\/primariajibou.ro\/site\/wp-json\/wp\/v2\/pages\/18339","targetHints":{"allow":["GET"]}}],"collection":[{"href":"https:\/\/primariajibou.ro\/site\/wp-json\/wp\/v2\/pages"}],"about":[{"href":"https:\/\/primariajibou.ro\/site\/wp-json\/wp\/v2\/types\/page"}],"author":[{"embeddable":true,"href":"https:\/\/primariajibou.ro\/site\/wp-json\/wp\/v2\/users\/4"}],"replies":[{"embeddable":true,"href":"https:\/\/primariajibou.ro\/site\/wp-json\/wp\/v2\/comments?post=18339"}],"version-history":[{"count":0,"href":"https:\/\/primariajibou.ro\/site\/wp-json\/wp\/v2\/pages\/18339\/revisions"}],"wp:attachment":[{"href":"https:\/\/primariajibou.ro\/site\/wp-json\/wp\/v2\/media?parent=18339"}],"curies":[{"name":"wp","href":"https:\/\/api.w.org\/{rel}","templated":true}]}}